{"id":31066,"date":"2024-04-18T14:52:18","date_gmt":"2024-04-18T12:52:18","guid":{"rendered":"https:\/\/next.swiss1chirurgie.ch\/?page_id=31066"},"modified":"2024-08-26T23:33:47","modified_gmt":"2024-08-26T21:33:47","slug":"podcasts","status":"publish","type":"page","link":"https:\/\/www.swiss1chirurgie.ch\/fr\/podcasts\/","title":{"rendered":"Podcasts"},"content":{"rendered":"\n<div class=\"wp-block-columns is-layout-flex wp-container-core-columns-is-layout-9d6595d7 wp-block-columns-is-layout-flex\">\n<div class=\"wp-block-column is-layout-flow wp-block-column-is-layout-flow\">\n<h1 class=\"wp-block-heading\"><strong>Podcast sur les hernies et l&rsquo;ob\u00e9sit\u00e9 \u2013 savoir ce qui est important<\/strong><div class=\"elementor-element elementor-element-a458c15 elementor-widget elementor-widget-text-editor\" data-id=\"a458c15\" data-element_type=\"widget\" data-widget_type=\"text-editor.default\" style=\"font-weight: 400; white-space: normal; box-sizing: border-box; flex-basis: var(--flex-basis); flex-grow: var(--flex-grow); flex-shrink: var(--flex-shrink); order: var(--order); align-self: var(--align-self); flex-direction: var(--flex-direction); flex-wrap: var(--flex-wrap); justify-content: var(--justify-content); align-items: var(--align-items); align-content: var(--align-content); gap: var(--gap); position: relative; color: rgb(122, 122, 122); font-family: Roboto, sans-serif; width: 1120px; font-size: 18px; font-variant-ligatures: normal; orphans: 2; widows: 2; background-color: rgb(255, 255, 255); text-decoration-thickness: initial; text-decoration-style: initial; text-decoration-color: initial; text-align: center;\"><div class=\"elementor-widget-container\" style=\"box-sizing: border-box; transition: background 0.3s,border 0.3s,border-radius 0.3s,box-shadow 0.3s,transform var(--e-transform-transition-duration,0.4s);\"><div class=\"elementor-text-editor elementor-clearfix\" style=\"box-sizing: border-box;\"><\/div><\/div><\/div><\/h1>\n\n\n\n<p>Avec les podcasts Hernies et Ob\u00e9sit\u00e9, vous trouverez les informations actuelles et essentielles sur les hernies, l&rsquo;ob\u00e9sit\u00e9, leur origine, leur d\u00e9veloppement, leurs cons\u00e9quences et les options de traitement.<\/p>\n<\/div>\n<\/div>\n\n\n\n<div class=\"wp-block-columns is-layout-flex wp-container-core-columns-is-layout-9d6595d7 wp-block-columns-is-layout-flex\">\n<div class=\"wp-block-column is-layout-flow wp-block-column-is-layout-flow\">\n<h2 class=\"wp-block-heading\">\u00c9missions actuelles sur Hernien-Podcast.ch<\/h2>\n\n\n\n<script class=\"podigee-podcast-player\" src=\"https:\/\/player.podigee-cdn.net\/podcast-player\/javascripts\/podigee-podcast-player.js\" data-configuration=\"https:\/\/hernien.podigee.io\/1-neue-episode\/embed?context=external\"><\/script>\n\n\n\n<hr class=\"wp-block-separator has-alpha-channel-opacity\"\/>\n\n\n\n<script class=\"podigee-podcast-player\" src=\"https:\/\/player.podigee-cdn.net\/podcast-player\/javascripts\/podigee-podcast-player.js\" data-configuration=\"https:\/\/hernien.podigee.io\/2-podcastii\/embed?context=external\"><\/script>\n\n\n\n<hr class=\"wp-block-separator has-alpha-channel-opacity\"\/>\n\n\n\n<script class=\"podigee-podcast-player\" src=\"https:\/\/player.podigee-cdn.net\/podcast-player\/javascripts\/podigee-podcast-player.js\" data-configuration=\"https:\/\/hernien.podigee.io\/3-neue-episode\/embed?context=external\"><\/script>\n\n\n\n<hr class=\"wp-block-separator has-alpha-channel-opacity\"\/>\n\n\n\n<script class=\"podigee-podcast-player\" src=\"https:\/\/player.podigee-cdn.net\/podcast-player\/javascripts\/podigee-podcast-player.js\" data-configuration=\"https:\/\/hernien.podigee.io\/4-hernien-podcast-4\/embed?context=external\"><\/script>\n\n\n\n<hr class=\"wp-block-separator has-alpha-channel-opacity\"\/>\n\n\n\n<script class=\"podigee-podcast-player\" src=\"https:\/\/player.podigee-cdn.net\/podcast-player\/javascripts\/podigee-podcast-player.js\" data-configuration=\"https:\/\/hernien.podigee.io\/5-hernien-podcast-5\/embed?context=external\"><\/script>\n<\/div>\n<\/div>\n\n\n\n<div class=\"wp-block-columns is-layout-flex wp-container-core-columns-is-layout-9d6595d7 wp-block-columns-is-layout-flex\">\n<div class=\"wp-block-column is-layout-flow wp-block-column-is-layout-flow\">\n<h2 class=\"wp-block-heading\">\u00c9missions actuelles sur Adpositas-Podcast<\/h2>\n\n\n\n<script class=\"podigee-podcast-player\" src=\"https:\/\/player.podigee-cdn.net\/podcast-player\/javascripts\/podigee-podcast-player.js\" data-configuration=\"https:\/\/nachsorge-swiss1chirurgie.podigee.io\/8-fitforme\/embed?context=external\"><\/script>\n\n\n\n<hr class=\"wp-block-separator has-alpha-channel-opacity\"\/>\n\n\n\n<script class=\"podigee-podcast-player\" src=\"https:\/\/player.podigee-cdn.net\/podcast-player\/javascripts\/podigee-podcast-player.js\" data-configuration=\"https:\/\/nachsorge-swiss1chirurgie.podigee.io\/7-protein\/embed?context=external\"><\/script>\n\n\n\n<hr class=\"wp-block-separator has-alpha-channel-opacity\"\/>\n\n\n\n<script class=\"podigee-podcast-player\" src=\"https:\/\/player.podigee-cdn.net\/podcast-player\/javascripts\/podigee-podcast-player.js\" data-configuration=\"https:\/\/nachsorge-swiss1chirurgie.podigee.io\/6-helvetiuslife\/embed?context=external\"><\/script>\n\n\n\n<hr class=\"wp-block-separator has-alpha-channel-opacity\"\/>\n\n\n\n<script class=\"podigee-podcast-player\" src=\"https:\/\/player.podigee-cdn.net\/podcast-player\/javascripts\/podigee-podcast-player.js\" data-configuration=\"https:\/\/nachsorge-swiss1chirurgie.podigee.io\/4-magenballon\/embed?context=external\"><\/script>\n\n\n\n<hr class=\"wp-block-separator has-alpha-channel-opacity\"\/>\n\n\n\n<script class=\"podigee-podcast-player\" src=\"https:\/\/player.podigee-cdn.net\/podcast-player\/javascripts\/podigee-podcast-player.js\" data-configuration=\"https:\/\/nachsorge-swiss1chirurgie.podigee.io\/1-ubergewichtsoperationen-ab-2021-schon-ab-bmi-30-mit-diabetes-moglich\/embed?context=external\"><\/script>\n\n\n\n<hr class=\"wp-block-separator has-alpha-channel-opacity\"\/>\n\n\n\n<script class=\"podigee-podcast-player\" src=\"https:\/\/player.podigee-cdn.net\/podcast-player\/javascripts\/podigee-podcast-player.js\" data-configuration=\"https:\/\/nachsorge-swiss1chirurgie.podigee.io\/2-medizinisches-fachwissen\/embed?context=external\"><\/script>\n\n\n\n<hr class=\"wp-block-separator has-alpha-channel-opacity\"\/>\n\n\n\n<script class=\"podigee-podcast-player\" src=\"https:\/\/player.podigee-cdn.net\/podcast-player\/javascripts\/podigee-podcast-player.js\" data-configuration=\"https:\/\/nachsorge-swiss1chirurgie.podigee.io\/3-speiserohre-entfernung\/embed?context=external\"><\/script>\n<\/div>\n<\/div>\n","protected":false},"excerpt":{"rendered":"Podcast sur les hernies et l&rsquo;ob\u00e9sit\u00e9 \u2013 savoir ce qui est important Avec les podcasts Hernies et Ob\u00e9sit\u00e9, vous trouverez les informations actuelles et essentielles sur les hernies, l&rsquo;ob\u00e9sit\u00e9, leur origine, leur d\u00e9veloppement, leurs cons\u00e9quences et les options de traitement. \u00c9missions actuelles sur Hernien-Podcast.ch \u00c9missions actuelles sur Adpositas-Podcast","protected":false},"author":3,"featured_media":0,"parent":0,"menu_order":7,"comment_status":"closed","ping_status":"closed","template":"template-full-width.php","meta":{"_acf_changed":false,"footnotes":""},"class_list":["post-31066","page","type-page","status-publish","hentry"],"acf":[],"_links":{"self":[{"href":"https:\/\/www.swiss1chirurgie.ch\/fr\/wp-json\/wp\/v2\/pages\/31066","targetHints":{"allow":["GET"]}}],"collection":[{"href":"https:\/\/www.swiss1chirurgie.ch\/fr\/wp-json\/wp\/v2\/pages"}],"about":[{"href":"https:\/\/www.swiss1chirurgie.ch\/fr\/wp-json\/wp\/v2\/types\/page"}],"author":[{"embeddable":true,"href":"https:\/\/www.swiss1chirurgie.ch\/fr\/wp-json\/wp\/v2\/users\/3"}],"replies":[{"embeddable":true,"href":"https:\/\/www.swiss1chirurgie.ch\/fr\/wp-json\/wp\/v2\/comments?post=31066"}],"version-history":[{"count":1,"href":"https:\/\/www.swiss1chirurgie.ch\/fr\/wp-json\/wp\/v2\/pages\/31066\/revisions"}],"predecessor-version":[{"id":31067,"href":"https:\/\/www.swiss1chirurgie.ch\/fr\/wp-json\/wp\/v2\/pages\/31066\/revisions\/31067"}],"wp:attachment":[{"href":"https:\/\/www.swiss1chirurgie.ch\/fr\/wp-json\/wp\/v2\/media?parent=31066"}],"curies":[{"name":"wp","href":"https:\/\/api.w.org\/{rel}","templated":true}]}}