{"id":30839,"date":"2024-04-18T14:45:31","date_gmt":"2024-04-18T12:45:31","guid":{"rendered":"https:\/\/mysegobu.cyon.site\/team\/"},"modified":"2025-10-02T17:47:07","modified_gmt":"2025-10-02T15:47:07","slug":"equipe","status":"publish","type":"page","link":"https:\/\/www.swiss1chirurgie.ch\/fr\/equipe\/","title":{"rendered":"\u00c9quipe"},"content":{"rendered":"<h2 class=\"wp-block-post-title\">\u00c9quipe<\/h2>\n\n\n<div class=\"wp-block-columns is-layout-flex wp-container-core-columns-is-layout-9d6595d7 wp-block-columns-is-layout-flex\">\n<div class=\"wp-block-column is-layout-flow wp-block-column-is-layout-flow\">\n<p>Notre \u00e9quipe se compose exclusivement de sp\u00e9cialistes exp\u00e9riment\u00e9s et parfaitement form\u00e9s. Outre les prestations de nos m\u00e9decins sp\u00e9cialistes et de nos nutritionnistes, vous b\u00e9n\u00e9ficiez chez nous de l&rsquo;attention illimit\u00e9e de nos assistantes m\u00e9dicales, toujours serviables et aimables.<\/p>\n<\/div>\n<\/div>\n\n\n\n<div id=\"\" class=\"block-inner\">\n\t<div class=\"uk-container  bottom\">\n\t\t\n\n<div class=\"block-team\">\n\t<div class=\"uk-child-width-1-3@m\" uk-grid>\n\t<div class=\"team-einzel\">\n\t\t<div class=\"uk-card uk-card-default\">\n\t\t\t<div class=\"bild\">\n\t\t\t\t<img decoding=\"async\" src=\"https:\/\/www.swiss1chirurgie.ch\/wp-content\/uploads\/2024\/05\/Joerg_Zehetner.jpg\" alt=\"Dr. med. J\u00f6rg Zehetner\" \/>\n\t\t\t<\/div>\n\t\t\t<h3>Dr. med. J\u00f6rg Zehetner<\/h3>\n\t\t\t<div class=\"short-info\">\n\t\t\t\tProfessor of Surgery (USC) <br \/>\r\nFacharzt FMH f\u00fcr Chirurgie <br \/>\r\nSchwerpunkt Viszeralchirurgie \n\t\t\t<\/div>\n\t\t\t\t\t\t<div class=\"button-wrap\">\n\t\t\t\t<a class=\"uk-button uk-button-default uk-margin-small-right\" href=\"https:\/\/www.swiss1chirurgie.ch\/fr\/team\/dr-med-joerg-zehetner\/\">Afficher le profil<\/a>\n\t\t\t<\/div>\n\t\t\t\t\t<\/div>\n\t<\/div>\n\t\t<div class=\"team-einzel\">\n\t\t<div class=\"uk-card uk-card-default\">\n\t\t\t<div class=\"bild\">\n\t\t\t\t<img decoding=\"async\" src=\"https:\/\/www.swiss1chirurgie.ch\/wp-content\/uploads\/2024\/05\/Anita_Scheiwiller.jpg\" alt=\"Dr. med. Anita Scheiwiller\" \/>\n\t\t\t<\/div>\n\t\t\t<h3>Dr. med. Anita Scheiwiller<\/h3>\n\t\t\t<div class=\"short-info\">\n\t\t\t\tFach\u00e4rztin FMH f\u00fcr Chirurgie <br \/>\r\nSchwerpunkt in Viszeralchirurgie <br \/>\r\nEurop\u00e4ischer Facharzttitel in koloproktologischer Chirurgie (EBSQ) \n\t\t\t<\/div>\n\t\t\t\t\t\t<div class=\"button-wrap\">\n\t\t\t\t<a class=\"uk-button uk-button-default uk-margin-small-right\" href=\"https:\/\/www.swiss1chirurgie.ch\/fr\/team\/dr-med-anita-scheiwiller\/\">Afficher le profil<\/a>\n\t\t\t<\/div>\n\t\t\t\t\t<\/div>\n\t<\/div>\n\t\t<div class=\"team-einzel\">\n\t\t<div class=\"uk-card uk-card-default\">\n\t\t\t<div class=\"bild\">\n\t\t\t\t<img decoding=\"async\" src=\"https:\/\/www.swiss1chirurgie.ch\/wp-content\/uploads\/2024\/05\/Petra.jpg\" alt=\"Dr. med. Petra Fl\u00fcckiger\" \/>\n\t\t\t<\/div>\n\t\t\t<h3>Dr. med. Petra Fl\u00fcckiger<\/h3>\n\t\t\t<div class=\"short-info\">\n\t\t\t\tAdipositassprechstunde<br \/>\r\nOP-Assistenz \n\t\t\t<\/div>\n\t\t\t\t\t\t<div class=\"button-wrap\">\n\t\t\t\t<a class=\"uk-button uk-button-default uk-margin-small-right\" href=\"https:\/\/www.swiss1chirurgie.ch\/fr\/team\/petra-flueckiger\/\">Afficher le profil<\/a>\n\t\t\t<\/div>\n\t\t\t\t\t<\/div>\n\t<\/div>\n\t\t<div class=\"team-einzel\">\n\t\t<div class=\"uk-card uk-card-default\">\n\t\t\t<div class=\"bild\">\n\t\t\t\t<img decoding=\"async\" src=\"https:\/\/www.swiss1chirurgie.ch\/wp-content\/uploads\/2026\/03\/DSC05769-1-scaled-e1774199769850.png\" alt=\"Pract. med. Alina Erden\" \/>\n\t\t\t<\/div>\n\t\t\t<h3>Pract. med. Alina Erden<\/h3>\n\t\t\t<div class=\"short-info\">\n\t\t\t\tAssistenz\u00e4rztin \n\t\t\t<\/div>\n\t\t\t\t\t\t<div class=\"button-wrap\">\n\t\t\t\t<a class=\"uk-button uk-button-default uk-margin-small-right\" href=\"https:\/\/www.swiss1chirurgie.ch\/fr\/team\/alina-erden\/\">Afficher le profil<\/a>\n\t\t\t<\/div>\n\t\t\t\t\t<\/div>\n\t<\/div>\n\t\t<div class=\"team-einzel\">\n\t\t<div class=\"uk-card uk-card-default\">\n\t\t\t<div class=\"bild\">\n\t\t\t\t<img decoding=\"async\" src=\"https:\/\/www.swiss1chirurgie.ch\/wp-content\/uploads\/2024\/05\/Ernaehrungsberaterin.jpg\" alt=\"Lilla Mur\u00e1nyi\" \/>\n\t\t\t<\/div>\n\t\t\t<h3>Lilla Mur\u00e1nyi<\/h3>\n\t\t\t<div class=\"short-info\">\n\t\t\t\tDipl. Ern\u00e4hrungsberaterin SVDE<br \/>\r\nStandort Solothurn \n\t\t\t<\/div>\n\t\t\t\t\t\t<div class=\"button-wrap\">\n\t\t\t\t<a class=\"uk-button uk-button-default uk-margin-small-right\" href=\"https:\/\/www.swiss1chirurgie.ch\/fr\/team\/lilla-murany\/\">Afficher le profil<\/a>\n\t\t\t<\/div>\n\t\t\t\t\t<\/div>\n\t<\/div>\n\t\t<\/div>\t\n<\/div>\n\n\t<\/div>\n<\/div>\n\n\n<div class=\"block-team\">\n\t<div class=\"uk-child-width-1-3@m\" uk-grid>\n\t<\/div>\t\n<\/div>\n\n\n<div class=\"block-team\">\n\t<div class=\"uk-child-width-1-3@m\" uk-grid>\n\t<div class=\"team-einzel\">\n\t\t<div class=\"uk-card uk-card-default\">\n\t\t\t<div class=\"bild\">\n\t\t\t\t<img decoding=\"async\" src=\"https:\/\/www.swiss1chirurgie.ch\/wp-content\/uploads\/2024\/05\/Nadja.jpg\" alt=\"Nadja Brun del Re\" \/>\n\t\t\t<\/div>\n\t\t\t<h3>Nadja Brun del Re<\/h3>\n\t\t\t<div class=\"short-info\">\n\t\t\t\tMedizinische Praxisassistentin<br \/>\r\nTeamleiterin \n\t\t\t<\/div>\n\t\t\t\t\t<\/div>\n\t<\/div>\n\t\t<div class=\"team-einzel\">\n\t\t<div class=\"uk-card uk-card-default\">\n\t\t\t<div class=\"bild\">\n\t\t\t\t<img decoding=\"async\" src=\"https:\/\/www.swiss1chirurgie.ch\/wp-content\/uploads\/2024\/06\/DSC05740-scaled-e1774197221770.png\" alt=\"Sara Kl\u00e4y\" \/>\n\t\t\t<\/div>\n\t\t\t<h3>Sara Kl\u00e4y<\/h3>\n\t\t\t<div class=\"short-info\">\n\t\t\t\tMedizinische Praxisassistentin,<br \/>\r\nKoordinatorin Reflux-Center  \n\t\t\t<\/div>\n\t\t\t\t\t<\/div>\n\t<\/div>\n\t\t<div class=\"team-einzel\">\n\t\t<div class=\"uk-card uk-card-default\">\n\t\t\t<div class=\"bild\">\n\t\t\t\t<img decoding=\"async\" src=\"https:\/\/www.swiss1chirurgie.ch\/wp-content\/uploads\/2026\/01\/DSC05756-scaled-e1774198438848.png\" alt=\"Katrin Balmer\" \/>\n\t\t\t<\/div>\n\t\t\t<h3>Katrin Balmer<\/h3>\n\t\t\t<div class=\"short-info\">\n\t\t\t\tMedizinische Praxisassistentin \n\t\t\t<\/div>\n\t\t\t\t\t<\/div>\n\t<\/div>\n\t\t<div class=\"team-einzel\">\n\t\t<div class=\"uk-card uk-card-default\">\n\t\t\t<div class=\"bild\">\n\t\t\t\t<img decoding=\"async\" src=\"https:\/\/www.swiss1chirurgie.ch\/wp-content\/uploads\/2026\/01\/DSC05747-scaled-e1774197620133.png\" alt=\"Lea Wittwer\" \/>\n\t\t\t<\/div>\n\t\t\t<h3>Lea Wittwer<\/h3>\n\t\t\t<div class=\"short-info\">\n\t\t\t\tMedizinische Praxisassistentin \n\t\t\t<\/div>\n\t\t\t\t\t<\/div>\n\t<\/div>\n\t\t<\/div>\t\n<\/div>","protected":false},"excerpt":{"rendered":"Notre \u00e9quipe se compose exclusivement de sp\u00e9cialistes exp\u00e9riment\u00e9s et parfaitement form\u00e9s. Outre les prestations de nos m\u00e9decins sp\u00e9cialistes et de nos nutritionnistes, vous b\u00e9n\u00e9ficiez chez nous de l&rsquo;attention illimit\u00e9e de nos assistantes m\u00e9dicales, toujours serviables et aimables.","protected":false},"author":1,"featured_media":31251,"parent":0,"menu_order":2,"comment_status":"closed","ping_status":"closed","template":"template-full-width.php","meta":{"_acf_changed":false,"footnotes":""},"class_list":["post-30839","page","type-page","status-publish","has-post-thumbnail","hentry"],"acf":[],"_links":{"self":[{"href":"https:\/\/www.swiss1chirurgie.ch\/fr\/wp-json\/wp\/v2\/pages\/30839","targetHints":{"allow":["GET"]}}],"collection":[{"href":"https:\/\/www.swiss1chirurgie.ch\/fr\/wp-json\/wp\/v2\/pages"}],"about":[{"href":"https:\/\/www.swiss1chirurgie.ch\/fr\/wp-json\/wp\/v2\/types\/page"}],"author":[{"embeddable":true,"href":"https:\/\/www.swiss1chirurgie.ch\/fr\/wp-json\/wp\/v2\/users\/1"}],"replies":[{"embeddable":true,"href":"https:\/\/www.swiss1chirurgie.ch\/fr\/wp-json\/wp\/v2\/comments?post=30839"}],"version-history":[{"count":3,"href":"https:\/\/www.swiss1chirurgie.ch\/fr\/wp-json\/wp\/v2\/pages\/30839\/revisions"}],"predecessor-version":[{"id":31238,"href":"https:\/\/www.swiss1chirurgie.ch\/fr\/wp-json\/wp\/v2\/pages\/30839\/revisions\/31238"}],"wp:featuredmedia":[{"embeddable":true,"href":"https:\/\/www.swiss1chirurgie.ch\/fr\/wp-json\/wp\/v2\/media\/31251"}],"wp:attachment":[{"href":"https:\/\/www.swiss1chirurgie.ch\/fr\/wp-json\/wp\/v2\/media?parent=30839"}],"curies":[{"name":"wp","href":"https:\/\/api.w.org\/{rel}","templated":true}]}}