{"id":29088,"date":"2024-03-30T10:33:03","date_gmt":"2024-03-30T09:33:03","guid":{"rendered":"http:\/\/mysegobu.cyon.site\/?page_id=29088"},"modified":"2025-12-20T20:40:30","modified_gmt":"2025-12-20T19:40:30","slug":"home","status":"publish","type":"page","link":"https:\/\/www.swiss1chirurgie.ch\/fr\/","title":{"rendered":"Notre sp\u00e9cialit\u00e9:\u00a0la chirurgie abdominale"},"content":{"rendered":"\n<div class=\"wp-block-columns is-layout-flex wp-container-core-columns-is-layout-9d6595d7 wp-block-columns-is-layout-flex\">\n<div class=\"wp-block-column is-layout-flow wp-block-column-is-layout-flow\" style=\"flex-basis:33.33%\">\n<h1 class=\"wp-block-heading has-black-color has-text-color has-link-color wp-elements-2ba7dc51b37d7b0668fc1e08f42c02f3\">Notre point fort:<br><strong>Chirurgie abdominale<\/strong><\/h1>\n<\/div>\n\n\n\n<div class=\"wp-block-column is-layout-flow wp-block-column-is-layout-flow\" style=\"flex-basis:66.66%\">\n<h2 class=\"wp-block-heading has-rot-color has-text-color has-link-color wp-elements-197a8a738efe0a328f5be79862e2be8c\">Bienvenue dans notre cabinet de chirurgie<\/h2>\n\n\n\n<p>Sp\u00e9cialistes en chirurgie visc\u00e9rale, nous mettons notre expertise au service de votre sant\u00e9. Notre domaine d\u2019excellence couvre notamment la chirurgie visc\u00e9rale, la chirurgie de l\u2019ob\u00e9sit\u00e9 et la chirurgie thyro\u00efdienne.<\/p>\n\n\n\n<p>Nous proposons des consultations dans notre cabinet \u00e0 Berne, ainsi que dans nos autres cabinets \u00e0 Soleure, Thoune et Naters. Les interventions chirurgicales majeures sont r\u00e9alis\u00e9es \u00e0 la Clinique Beau-Site \u00e0 Berne, tandis que les interventions ambulatoires sont effectu\u00e9es dans notre nouvelle salle d\u2019op\u00e9ration au sein du cabinet de gastroent\u00e9rologie GGP ou au centre de chirurgie ambulatoire Opera \u00e0 Berne.<\/p>\n\n\n\n<p>Associ\u00e9 \u00e0 notre cabinet, le Centre de chirurgie bariatrique de Berne assure un suivi complet de nos patients avant et apr\u00e8s leur intervention. Il propose \u00e9galement des alternatives non chirurgicales pour la perte de poids.<\/p>\n<\/div>\n<\/div>\n\n\n\n<div class=\"wp-block-columns start-taetigkeiten is-layout-flex wp-container-core-columns-is-layout-9d6595d7 wp-block-columns-is-layout-flex\">\n<div class=\"wp-block-column is-layout-flow wp-block-column-is-layout-flow\">\n<div class=\"wp-block-media-text is-stacked-on-mobile taet-box\" style=\"grid-template-columns:40% auto\"><figure class=\"wp-block-media-text__media\"><img decoding=\"async\" src=\"https:\/\/www.swiss1chirurgie.ch\/wp-content\/uploads\/2024\/07\/reflux-dark.svg\" alt=\"\" class=\"wp-image-29880 size-full\"\/><\/figure><div class=\"wp-block-media-text__content\">\n<h3 class=\"wp-block-heading\"><a href=\"https:\/\/www.swiss1chirurgie.ch\/fr\/specialites\/reflux-et-oesophage\/\" data-type=\"page\" data-id=\"31014\">Reflux et \u0153sophage<\/a><\/h3>\n<\/div><\/div>\n\n\n\n<div class=\"wp-block-media-text is-stacked-on-mobile taet-box\" style=\"grid-template-columns:40% auto\"><figure class=\"wp-block-media-text__media\"><img decoding=\"async\" src=\"https:\/\/www.swiss1chirurgie.ch\/wp-content\/uploads\/2024\/07\/schilddruese-dark.svg\" alt=\"\" class=\"wp-image-29883 size-full\"\/><\/figure><div class=\"wp-block-media-text__content\">\n<h3 class=\"wp-block-heading\"><a href=\"https:\/\/www.swiss1chirurgie.ch\/fr\/specialites\/thyroide-glandes-parathyroides-surrenales\/\" data-type=\"page\" data-id=\"31024\">Thyro\u00efde<\/a><\/h3>\n<\/div><\/div>\n\n\n\n<div class=\"wp-block-media-text is-stacked-on-mobile taet-box\" style=\"grid-template-columns:40% auto\"><figure class=\"wp-block-media-text__media\"><img decoding=\"async\" src=\"https:\/\/www.swiss1chirurgie.ch\/wp-content\/uploads\/2024\/07\/leber-dark.svg\" alt=\"\" class=\"wp-image-29871 size-full\"\/><\/figure><div class=\"wp-block-media-text__content\">\n<h3 class=\"wp-block-heading\"><a href=\"\/fr\/foie-vesicule-biliaire-canaux-biliaires\/\" data-type=\"link\" data-id=\"https:\/\/www.swiss1chirurgie.ch\/fr\/foie-vesicule-biliaire-canaux-biliaires\/\">Foie et v\u00e9sicule biliaire<\/a><\/h3>\n<\/div><\/div>\n<\/div>\n\n\n\n<div class=\"wp-block-column is-layout-flow wp-block-column-is-layout-flow\">\n<div class=\"wp-block-media-text is-stacked-on-mobile taet-box\" style=\"grid-template-columns:40% auto\"><figure class=\"wp-block-media-text__media\"><img decoding=\"async\" src=\"https:\/\/www.swiss1chirurgie.ch\/wp-content\/uploads\/2024\/07\/magen-dark.svg\" alt=\"\" class=\"wp-image-29874 size-full\"\/><\/figure><div class=\"wp-block-media-text__content\">\n<h3 class=\"wp-block-heading\"><a href=\"https:\/\/www.swiss1chirurgie.ch\/fr\/specialites\/estomac\/\" data-type=\"page\" data-id=\"31030\">Estomac<\/a><\/h3>\n<\/div><\/div>\n\n\n\n<div class=\"wp-block-media-text is-stacked-on-mobile taet-box\" style=\"grid-template-columns:40% auto\"><figure class=\"wp-block-media-text__media\"><img decoding=\"async\" src=\"https:\/\/www.swiss1chirurgie.ch\/wp-content\/uploads\/2024\/07\/prokto-dark.svg\" alt=\"\" class=\"wp-image-29877 size-full\"\/><\/figure><div class=\"wp-block-media-text__content\">\n<h3 class=\"wp-block-heading\"><a href=\"https:\/\/www.swiss1chirurgie.ch\/fr\/specialites\/proctologie\/\" data-type=\"page\" data-id=\"31036\">Proctologie<\/a><\/h3>\n<\/div><\/div>\n\n\n\n<div class=\"wp-block-media-text is-stacked-on-mobile taet-box\" style=\"grid-template-columns:40% auto\"><figure class=\"wp-block-media-text__media\"><img decoding=\"async\" src=\"https:\/\/www.swiss1chirurgie.ch\/wp-content\/uploads\/2024\/07\/ubergewicht-dark.svg\" alt=\"\" class=\"wp-image-29886 size-full\"\/><\/figure><div class=\"wp-block-media-text__content\">\n<h3 class=\"wp-block-heading\"><a href=\"https:\/\/www.swiss1chirurgie.ch\/fr\/specialites\/obesity-et-chirurgie-bariatrique\/\" data-type=\"page\" data-id=\"31060\">Ob\u00e9sit\u00e9 et chirurgie bariatrique<\/a><\/h3>\n<\/div><\/div>\n<\/div>\n\n\n\n<div class=\"wp-block-column is-layout-flow wp-block-column-is-layout-flow\">\n<div class=\"wp-block-media-text is-stacked-on-mobile taet-box\" style=\"grid-template-columns:40% auto\"><figure class=\"wp-block-media-text__media\"><img decoding=\"async\" src=\"https:\/\/www.swiss1chirurgie.ch\/wp-content\/uploads\/2024\/07\/darm-dark.svg\" alt=\"\" class=\"wp-image-29865 size-full\"\/><\/figure><div class=\"wp-block-media-text__content\">\n<h3 class=\"wp-block-heading\"><a href=\"https:\/\/www.swiss1chirurgie.ch\/fr\/specialites\/intestin-chirurgie-colorectale\/\" data-type=\"page\" data-id=\"31053\">Intestin: chirurgie colorectale<\/a><\/h3>\n<\/div><\/div>\n\n\n\n<div class=\"wp-block-media-text is-stacked-on-mobile taet-box\" style=\"grid-template-columns:40% auto\"><figure class=\"wp-block-media-text__media\"><img decoding=\"async\" src=\"https:\/\/www.swiss1chirurgie.ch\/wp-content\/uploads\/2024\/07\/hernie-dark.svg\" alt=\"\" class=\"wp-image-29868 size-full\"\/><\/figure><div class=\"wp-block-media-text__content\">\n<h3 class=\"wp-block-heading\"><a href=\"https:\/\/www.swiss1chirurgie.ch\/fr\/specialites\/hernies\/\" data-type=\"page\" data-id=\"31042\">Hernie<\/a>s<\/h3>\n<\/div><\/div>\n\n\n\n<div class=\"wp-block-media-text is-stacked-on-mobile taet-box\" style=\"grid-template-columns:40% auto\"><figure class=\"wp-block-media-text__media\"><img decoding=\"async\" src=\"https:\/\/www.swiss1chirurgie.ch\/wp-content\/uploads\/2024\/07\/apollo-dark.svg\" alt=\"\" class=\"wp-image-29862 size-full\"\/><\/figure><div class=\"wp-block-media-text__content\">\n<h3 class=\"wp-block-heading\"><a href=\"https:\/\/www.swiss1chirurgie.ch\/fr\/specialites\/apollo-endosurgery\/\" data-type=\"page\" data-id=\"31055\">APOLLO Endosurgery<\/a><\/h3>\n<\/div><\/div>\n<\/div>\n<\/div>\n\n\n\n<div id=\"team\" class=\"block-inner\">\n\t<div class=\"uk-container  stoerer bottom\">\n\t\t\n\n<div class=\"wp-block-columns is-layout-flex wp-container-core-columns-is-layout-9d6595d7 wp-block-columns-is-layout-flex\">\n<div class=\"wp-block-column is-layout-flow wp-block-column-is-layout-flow\" style=\"flex-basis:33.33%\">\n<h2 class=\"wp-block-heading\"><strong>Nos<\/strong> experts<\/h2>\n<\/div>\n\n\n\n<div class=\"wp-block-column is-layout-flow wp-block-column-is-layout-flow\" style=\"flex-basis:66.66%\">\n<p>Notre \u00e9quipe est compos\u00e9e de sp\u00e9cialistes exp\u00e9riment\u00e9s en chirurgie, b\u00e9n\u00e9ficiant d\u2019une formation approfondie en chirurgie visc\u00e9rale. En plus de l\u2019expertise de nos m\u00e9decins et de nos nutritionnistes, vous profitez d\u2019un accompagnement attentif et bienveillant de la part de nos assistantes m\u00e9dicales, toujours \u00e0 votre \u00e9coute.<\/p>\n<\/div>\n<\/div>\n\n\n\n<div class=\"wp-block-columns is-layout-flex wp-container-core-columns-is-layout-9d6595d7 wp-block-columns-is-layout-flex\">\n<div class=\"wp-block-column is-layout-flow wp-block-column-is-layout-flow\">\n<figure class=\"wp-block-image aligncenter size-full is-resized is-style-rounded\"><img loading=\"lazy\" decoding=\"async\" width=\"700\" height=\"700\" src=\"https:\/\/www.swiss1chirurgie.ch\/wp-content\/uploads\/2024\/05\/Joerg_Zehetner.jpg\" alt=\"\" class=\"wp-image-29033\" style=\"width:245px;height:auto\" srcset=\"https:\/\/www.swiss1chirurgie.ch\/wp-content\/uploads\/2024\/05\/Joerg_Zehetner.jpg 700w, https:\/\/www.swiss1chirurgie.ch\/wp-content\/uploads\/2024\/05\/Joerg_Zehetner-600x600.jpg 600w, https:\/\/www.swiss1chirurgie.ch\/wp-content\/uploads\/2024\/05\/Joerg_Zehetner-150x150.jpg 150w\" sizes=\"auto, (max-width: 700px) 100vw, 700px\" \/><\/figure>\n\n\n\n<h4 class=\"wp-block-heading has-text-align-center\">Dr. med. J\u00f6rg Zehetner<\/h4>\n\n\n\n<p class=\"has-text-align-center\">Professor of Surgery (USC)<br>Sp\u00e9cialiste en chirurgie FMH<br>Formation approfondie en chirurgie visc\u00e9rale<\/p>\n\n\n\n<p class=\"has-text-align-center\"><\/p>\n<\/div>\n\n\n\n<div class=\"wp-block-column is-layout-flow wp-block-column-is-layout-flow\">\n<figure class=\"wp-block-image aligncenter size-full is-resized is-style-rounded\"><img loading=\"lazy\" decoding=\"async\" width=\"700\" height=\"700\" src=\"https:\/\/www.swiss1chirurgie.ch\/wp-content\/uploads\/2024\/05\/Anita_Scheiwiller.jpg\" alt=\"\" class=\"wp-image-29021\" style=\"width:245px;height:auto\" srcset=\"https:\/\/www.swiss1chirurgie.ch\/wp-content\/uploads\/2024\/05\/Anita_Scheiwiller.jpg 700w, https:\/\/www.swiss1chirurgie.ch\/wp-content\/uploads\/2024\/05\/Anita_Scheiwiller-600x600.jpg 600w, https:\/\/www.swiss1chirurgie.ch\/wp-content\/uploads\/2024\/05\/Anita_Scheiwiller-150x150.jpg 150w\" sizes=\"auto, (max-width: 700px) 100vw, 700px\" \/><\/figure>\n\n\n\n<h4 class=\"wp-block-heading has-text-align-center\">Dr. med. Anita Scheiwiller<\/h4>\n\n\n\n<p class=\"has-text-align-center\">Sp\u00e9cialiste en chirurgie FMH<br>Formation approfondie en chirurgie visc\u00e9rale<br>Titre europ\u00e9en de sp\u00e9cialiste en chirurgie colo-rectale (EBSQ)<\/p>\n\n\n\n<p class=\"has-text-align-center\"><\/p>\n<\/div>\n<\/div>\n\n\n\n<div class=\"wp-block-buttons is-content-justification-center is-layout-flex wp-container-core-buttons-is-layout-16018d1d wp-block-buttons-is-layout-flex\">\n<div class=\"wp-block-button\"><a class=\"wp-block-button__link has-text-align-center wp-element-button\" href=\"https:\/\/mysegobu.cyon.site\/team\/\" rel=\"nofollow noopener\" target=\"_blank\">Montrer toute l&rsquo;\u00e9quipe<\/a><\/div>\n<\/div>\n\n\n\t<\/div>\n<\/div>\n\n\n<h2 class=\"wp-block-heading\">Comment nous trouver<\/h2>\n\n\n\n<hr class=\"wp-block-separator has-alpha-channel-opacity grau\"\/>\n\n\n\n<div class=\"wp-block-columns is-layout-flex wp-container-core-columns-is-layout-9d6595d7 wp-block-columns-is-layout-flex\">\n<div class=\"wp-block-column is-layout-flow wp-block-column-is-layout-flow\" style=\"flex-basis:33.33%\">\n<h5 class=\"wp-block-heading has-rot-color has-text-color has-link-color wp-elements-01c0665cbc1d8c539e0a834c17bcbef7\">Swiss1Chirurgie Bern<\/h5>\n\n\n\n<p class=\"mt0 black\"><a href=\"https:\/\/maps.app.goo.gl\/N9qCAbeCg22xGKwQ7\" target=\"_blank\" rel=\"noreferrer noopener nofollow\">Sch\u00e4nzlihalde 1<br>3013 Bern<\/a><\/p>\n\n\n\n<p class=\"black\"><span class=\"rot\" uk-icon=\"mail\"><\/span> <a href=\"mailto:swiss1chirurgie@hirslanden.ch\">swiss1chirurgie@hirslanden.ch<\/a><br><span class=\"rot\" uk-icon=\"receiver\"><\/span>  <a href=\"tel:+410313126112\">031 312 61 12<\/a><\/p>\n<\/div>\n\n\n\n<div class=\"wp-block-column is-layout-flow wp-block-column-is-layout-flow\" style=\"flex-basis:66.66%\">\n<iframe src=\"https:\/\/www.google.com\/maps\/embed?pb=!1m18!1m12!1m3!1d2723.4633050078896!2d7.44635597677538!3d46.95258643291064!2m3!1f0!2f0!3f0!3m2!1i1024!2i768!4f13.1!3m3!1m2!1s0x478e39ea01d69b67%3A0x5f34487d0a0a8500!2sDr.%20med.%20J%C3%B6rg%20Zehetner%2C%20Professor%20(USC)!5e0!3m2!1sde!2sfr!4v1713960179955!5m2!1sde!2sfr\" width=\"100%\" height=\"250\" style=\"border:0;\" allowfullscreen=\"\" loading=\"lazy\" referrerpolicy=\"no-referrer-when-downgrade\"><\/iframe>\n<\/div>\n<\/div>\n\n\n\n<hr class=\"wp-block-separator has-alpha-channel-opacity grau\"\/>\n\n\n\n<div class=\"wp-block-columns is-layout-flex wp-container-core-columns-is-layout-9d6595d7 wp-block-columns-is-layout-flex\">\n<div class=\"wp-block-column is-layout-flow wp-block-column-is-layout-flow\">\n<h5 class=\"wp-block-heading has-rot-color has-text-color has-link-color wp-elements-ce0833b8afe02d6cfcf9e99f26127791\">Consultation Solothurn<\/h5>\n\n\n\n<p class=\"mt0 black\"><a href=\"https:\/\/maps.app.goo.gl\/cwG2br6BthQNAGwK8\" target=\"_blank\" rel=\"noreferrer noopener nofollow\">Hauptbahnhofstrasse 2 <br>4500 Solothurn<\/a><\/p>\n\n\n\n<p class=\"black\"><span class=\"rot\" uk-icon=\"receiver\"><\/span> \n <a href=\"tel:+410326221122\">032 622 11 22<\/a><\/p>\n\n\n\n<p><span class=\"rot\" uk-icon=\"location\"><\/span> <a href=\"https:\/\/maps.app.goo.gl\/cwG2br6BthQNAGwK8\" target=\"_blank\" rel=\"noreferrer noopener nofollow\">Google Maps<\/a><\/p>\n<\/div>\n\n\n\n<div class=\"wp-block-column is-layout-flow wp-block-column-is-layout-flow\">\n<h5 class=\"wp-block-heading has-rot-color has-text-color has-link-color wp-elements-f0f154d52336369947fec84b68f93573\">Consultation Wallis<\/h5>\n\n\n\n<p class=\"mt0 black\"><a href=\"https:\/\/maps.app.goo.gl\/3oTGcnuwm4z1ptAG9\" target=\"_blank\" data-type=\"link\" data-id=\"https:\/\/maps.app.goo.gl\/b7Eym9kAYed3Ldrc6\" rel=\"noreferrer noopener nofollow\">Bahnhofstrasse 20\/22 <br>3904 Naters<\/a><\/p>\n\n\n\n<p class=\"black\"><span class=\"rot\" uk-icon=\"receiver\"><\/span> <a href=\"tel:+410279465252\">027 946 52 52<\/a><\/p>\n\n\n\n<p><span class=\"rot\" uk-icon=\"location\"><\/span> <a href=\"https:\/\/maps.app.goo.gl\/3oTGcnuwm4z1ptAG9\" target=\"_blank\" data-type=\"link\" data-id=\"https:\/\/maps.app.goo.gl\/b7Eym9kAYed3Ldrc6\" rel=\"noreferrer noopener nofollow\">Google Maps<\/a><\/p>\n<\/div>\n\n\n\n<div class=\"wp-block-column is-layout-flow wp-block-column-is-layout-flow\">\n<h5 class=\"wp-block-heading has-rot-color has-text-color has-link-color wp-elements-72b57e2a62a6a9bb4fcbdcd425c7db51\">Consultation Thun<\/h5>\n\n\n\n<p class=\"mt0 black\"><a href=\"https:\/\/maps.app.goo.gl\/jLTRMyLvyb9M6yoj9\" target=\"_blank\" rel=\"noreferrer noopener nofollow\">Frutigenstrasse 16 <br>3600 Thun<\/a><\/p>\n\n\n\n<p class=\"black\"><span class=\"rot\" uk-icon=\"receiver\"><\/span> \n <a href=\"tel:+410332230303\">033 223 03 03<\/a><\/p>\n\n\n\n<p><span class=\"rot\" uk-icon=\"location\"><\/span> <a href=\"https:\/\/maps.app.goo.gl\/jLTRMyLvyb9M6yoj9\" target=\"_blank\" rel=\"noreferrer noopener nofollow\">Google Maps<\/a><\/p>\n<\/div>\n<\/div>\n\n\n\n<div id=\"\" class=\"block-inner\">\n\t<div class=\"uk-container  stoerer top\">\n\t\t\n\n<div class=\"wp-block-columns is-layout-flex wp-container-core-columns-is-layout-9d6595d7 wp-block-columns-is-layout-flex\">\n<div class=\"wp-block-column is-layout-flow wp-block-column-is-layout-flow\" style=\"flex-basis:33.33%\">\n<h2 class=\"wp-block-heading\"><strong>Nos<\/strong> partenaires<\/h2>\n<\/div>\n\n\n\n<div class=\"wp-block-column is-layout-flow wp-block-column-is-layout-flow\" style=\"flex-basis:66.66%\">\n<p>Nous sommes reli\u00e9s \u00e0 nos cabinets partenaires et pouvons ainsi toujours vous offrir le meilleur conseil, le meilleur suivi et les meilleurs soins pour vos probl\u00e8mes m\u00e9dicaux. Tous les centres affili\u00e9s disposent de<\/p>\n\n\n\n<ul class=\"wp-block-list red\">\n<li>techniques m\u00e9dicales de pointe<\/li>\n\n\n\n<li>un grand r\u00e9servoir d&rsquo;exp\u00e9rience<\/li>\n\n\n\n<li>M\u00e9decins sp\u00e9cialistes multilingues<\/li>\n<\/ul>\n<\/div>\n<\/div>\n\n\n\n<div class=\"wp-block-columns white-rounded is-layout-flex wp-container-core-columns-is-layout-9d6595d7 wp-block-columns-is-layout-flex\">\n<div class=\"wp-block-column is-vertically-aligned-center is-layout-flow wp-block-column-is-layout-flow\">\n<figure class=\"wp-block-image size-large\"><a href=\"https:\/\/www.zfbc.ch\/\" target=\"_blank\" rel=\"noreferrer noopener nofollow\"><img loading=\"lazy\" decoding=\"async\" width=\"800\" height=\"201\" src=\"https:\/\/www.swiss1chirurgie.ch\/wp-content\/uploads\/2024\/04\/zfbc_Logo_2018_56x22_cmyk_hr-scaled-1-800x201.jpg\" alt=\"\" class=\"wp-image-28810\" srcset=\"https:\/\/www.swiss1chirurgie.ch\/wp-content\/uploads\/2024\/04\/zfbc_Logo_2018_56x22_cmyk_hr-scaled-1-800x201.jpg 800w, https:\/\/www.swiss1chirurgie.ch\/wp-content\/uploads\/2024\/04\/zfbc_Logo_2018_56x22_cmyk_hr-scaled-1-600x151.jpg 600w, https:\/\/www.swiss1chirurgie.ch\/wp-content\/uploads\/2024\/04\/zfbc_Logo_2018_56x22_cmyk_hr-scaled-1-768x193.jpg 768w, https:\/\/www.swiss1chirurgie.ch\/wp-content\/uploads\/2024\/04\/zfbc_Logo_2018_56x22_cmyk_hr-scaled-1-1536x386.jpg 1536w, https:\/\/www.swiss1chirurgie.ch\/wp-content\/uploads\/2024\/04\/zfbc_Logo_2018_56x22_cmyk_hr-scaled-1-2048x515.jpg 2048w\" sizes=\"auto, (max-width: 800px) 100vw, 800px\" \/><\/a><\/figure>\n<\/div>\n\n\n\n<div class=\"wp-block-column is-vertically-aligned-center is-layout-flow wp-block-column-is-layout-flow\">\n<figure class=\"wp-block-image size-large\"><a href=\"https:\/\/www.pzbe.ch\/\" target=\"_blank\" rel=\"noreferrer noopener nofollow\"><img loading=\"lazy\" decoding=\"async\" width=\"800\" height=\"313\" src=\"https:\/\/www.swiss1chirurgie.ch\/wp-content\/uploads\/2024\/04\/Logo-PZBE_01.01.2022_nobackground-800x313.png\" alt=\"\" class=\"wp-image-28813\" srcset=\"https:\/\/www.swiss1chirurgie.ch\/wp-content\/uploads\/2024\/04\/Logo-PZBE_01.01.2022_nobackground-800x313.png 800w, https:\/\/www.swiss1chirurgie.ch\/wp-content\/uploads\/2024\/04\/Logo-PZBE_01.01.2022_nobackground-600x235.png 600w, https:\/\/www.swiss1chirurgie.ch\/wp-content\/uploads\/2024\/04\/Logo-PZBE_01.01.2022_nobackground-768x301.png 768w, https:\/\/www.swiss1chirurgie.ch\/wp-content\/uploads\/2024\/04\/Logo-PZBE_01.01.2022_nobackground-1536x601.png 1536w, https:\/\/www.swiss1chirurgie.ch\/wp-content\/uploads\/2024\/04\/Logo-PZBE_01.01.2022_nobackground.png 1762w\" sizes=\"auto, (max-width: 800px) 100vw, 800px\" \/><\/a><\/figure>\n<\/div>\n\n\n\n<div class=\"wp-block-column is-vertically-aligned-center is-layout-flow wp-block-column-is-layout-flow\">\n<figure class=\"wp-block-image size-large\"><a href=\"https:\/\/www.ggp.center\/\" target=\"_blank\" rel=\"noreferrer noopener nofollow\"><img loading=\"lazy\" decoding=\"async\" width=\"800\" height=\"182\" src=\"https:\/\/www.swiss1chirurgie.ch\/wp-content\/uploads\/2024\/04\/GGPneu-scaled-1-800x182.jpg\" alt=\"\" class=\"wp-image-28833\" srcset=\"https:\/\/www.swiss1chirurgie.ch\/wp-content\/uploads\/2024\/04\/GGPneu-scaled-1-800x182.jpg 800w, https:\/\/www.swiss1chirurgie.ch\/wp-content\/uploads\/2024\/04\/GGPneu-scaled-1-600x136.jpg 600w, https:\/\/www.swiss1chirurgie.ch\/wp-content\/uploads\/2024\/04\/GGPneu-scaled-1-768x174.jpg 768w, https:\/\/www.swiss1chirurgie.ch\/wp-content\/uploads\/2024\/04\/GGPneu-scaled-1-1536x349.jpg 1536w, https:\/\/www.swiss1chirurgie.ch\/wp-content\/uploads\/2024\/04\/GGPneu-scaled-1-2048x465.jpg 2048w\" sizes=\"auto, (max-width: 800px) 100vw, 800px\" \/><\/a><\/figure>\n<\/div>\n<\/div>\n\n\n\n<div class=\"wp-block-columns center-2 white-rounded is-layout-flex wp-container-core-columns-is-layout-9d6595d7 wp-block-columns-is-layout-flex\">\n<div class=\"wp-block-column is-vertically-aligned-center is-layout-flow wp-block-column-is-layout-flow\" style=\"flex-basis:26%\">\n<figure class=\"wp-block-image size-full is-resized\"><a href=\"https:\/\/www.hirslanden.ch\/de\/klinik-beau-site\/home.html\" target=\"_blank\" rel=\"noreferrer noopener nofollow\"><img loading=\"lazy\" decoding=\"async\" width=\"261\" height=\"50\" src=\"https:\/\/www.swiss1chirurgie.ch\/wp-content\/uploads\/2024\/04\/logo-hirslanden-web.png\" alt=\"\" class=\"wp-image-28836\" style=\"width:300px\"\/><\/a><\/figure>\n\n\n\n<p class=\"black\"><strong><a href=\"https:\/\/www.hirslanden.ch\/de\/klinik-beau-site\/home.html\" target=\"_blank\" rel=\"noreferrer noopener nofollow\">KLINIK BEAU-SITE<\/a><\/strong><\/p>\n<\/div>\n\n\n\n<div class=\"wp-block-column is-layout-flow wp-block-column-is-layout-flow\" style=\"flex-basis:26%\">\n<figure class=\"wp-block-image size-full is-resized\"><a href=\"https:\/\/www.hirslanden.ch\/de\/salem-spital\/home.html\" target=\"_blank\" rel=\"noreferrer noopener nofollow\"><img loading=\"lazy\" decoding=\"async\" width=\"261\" height=\"50\" src=\"https:\/\/www.swiss1chirurgie.ch\/wp-content\/uploads\/2024\/04\/logo-hirslanden-web.png\" alt=\"\" class=\"wp-image-28836\" style=\"width:300px\"\/><\/a><\/figure>\n\n\n\n<p class=\"black\"><strong><a href=\"https:\/\/www.hirslanden.ch\/de\/salem-spital\/home.html\" target=\"_blank\" rel=\"noreferrer noopener nofollow\">SALEM SPITAL<\/a><\/strong><\/p>\n<\/div>\n\n\n\n<div class=\"wp-block-column is-layout-flow wp-block-column-is-layout-flow\" style=\"flex-basis:26%\">\n<figure class=\"wp-block-image size-full is-resized\"><a href=\"https:\/\/www.hirslanden.ch\/de\/ambulantes-operieren\/operationszentren\/ambulantes-operationszentrum-bern.html\" target=\"_blank\" rel=\"noreferrer noopener nofollow\"><img loading=\"lazy\" decoding=\"async\" width=\"261\" height=\"50\" src=\"https:\/\/www.swiss1chirurgie.ch\/wp-content\/uploads\/2024\/04\/logo-hirslanden-web.png\" alt=\"\" class=\"wp-image-28836\" style=\"width:300px\"\/><\/a><\/figure>\n\n\n\n<p class=\"black\"><strong><a href=\"https:\/\/www.hirslanden.ch\/de\/ambulantes-operieren\/operationszentren\/ambulantes-operationszentrum-bern.html\" target=\"_blank\" rel=\"noreferrer noopener nofollow\">OPERA BERN<\/a><\/strong><\/p>\n<\/div>\n<\/div>\n\n\n\t<\/div>\n<\/div>\n\n\n<h2 class=\"wp-block-heading has-black-color has-text-color has-link-color wp-elements-bb6d03015b0bd16f63afe45e543d573a\"><strong>News<\/strong><\/h2>\n\n\n\n<div class=\"block-post-kat\">\n\t<div class=\"uk-child-width-1-3@m uk-grid-match\" uk-grid >\n\t\t\t<div class=\"post-card\">\n\t\t\t<div class=\"uk-card uk-card-default\">\n\t\t\t\t\t\t<div class=\"uk-card-media-top bild\" style=\"background-image:url(https:\/\/www.swiss1chirurgie.ch\/wp-content\/uploads\/2023\/02\/4a4e30918e8a132e566fb63eeb3dc4d6.jpeg);\">\n\t\t\t\t<a href=\"https:\/\/www.swiss1chirurgie.ch\/fr\/obesite-et-sport\/\"><\/a>\n\t\t\t<\/div>\n\t\t\t\t\t\t\t<div class=\"uk-card-body uk-padding-small\">\n\t\t\t\t\t<h3><a href=\"https:\/\/www.swiss1chirurgie.ch\/fr\/obesite-et-sport\/\">Ob\u00e9sit\u00e9 et sport<\/a><\/h3>\n\t\t\t\t\t<div class=\"short-info\">\n\t\t\t\t\t\tOb\u00e9sit\u00e9 pathologique ? L&rsquo;ob\u00e9sit\u00e9 ? On peut encore faire du sport ici ? Qu&rsquo;en est-il apr\u00e8s une op\u00e9ration de l&rsquo;ob\u00e9sit\u00e9\u2026\t\t\t\t\t<\/div>\n\t\t\t\t\t<div class=\"button-wrap\">\n\t\t\t\t\t\t<a href=\"https:\/\/www.swiss1chirurgie.ch\/fr\/obesite-et-sport\/\">lire la suite <span uk-icon=\"chevron-right\"><\/span><\/a>\n\t\t\t\t\t<\/div>\n\t\t\t\t<\/div>\n\t\t\t<\/div>\n\t\t<\/div>\n\t\t\n\t\n\t\t\t\t<div class=\"post-card\">\n\t\t\t<div class=\"uk-card uk-card-default\">\n\t\t\t\t\t\t<div class=\"uk-card-media-top bild\" style=\"background-image:url(https:\/\/www.swiss1chirurgie.ch\/wp-content\/uploads\/2022\/03\/Screenshot-2024-08-07-at-16.44.34.png);\">\n\t\t\t\t<a href=\"https:\/\/www.swiss1chirurgie.ch\/fr\/journee-mondiale-de-lobesite-2022-tout-le-monde-doit-agir\/\"><\/a>\n\t\t\t<\/div>\n\t\t\t\t\t\t\t<div class=\"uk-card-body uk-padding-small\">\n\t\t\t\t\t<h3><a href=\"https:\/\/www.swiss1chirurgie.ch\/fr\/journee-mondiale-de-lobesite-2022-tout-le-monde-doit-agir\/\">Journ\u00e9e mondiale de l&rsquo;ob\u00e9sit\u00e9 2022 &#8211; Tout le monde doit agir<\/a><\/h3>\n\t\t\t\t\t<div class=\"short-info\">\n\t\t\t\t\t\tSous le slogan \u00ab\u00a0Everybody needs to act\u00a0\u00bb, la Journ\u00e9e mondiale de l&rsquo;ob\u00e9sit\u00e9, le 04 mars 2022, marquera le d\u00e9but d&rsquo;une\u2026\t\t\t\t\t<\/div>\n\t\t\t\t\t<div class=\"button-wrap\">\n\t\t\t\t\t\t<a href=\"https:\/\/www.swiss1chirurgie.ch\/fr\/journee-mondiale-de-lobesite-2022-tout-le-monde-doit-agir\/\">lire la suite <span uk-icon=\"chevron-right\"><\/span><\/a>\n\t\t\t\t\t<\/div>\n\t\t\t\t<\/div>\n\t\t\t<\/div>\n\t\t<\/div>\n\t\t\n\t\n\t\t\t\t<div class=\"post-card\">\n\t\t\t<div class=\"uk-card uk-card-default\">\n\t\t\t\t\t\t<div class=\"uk-card-media-top bild\" style=\"background-image:url(https:\/\/www.swiss1chirurgie.ch\/wp-content\/uploads\/2022\/02\/IMG_0832.jpg);\">\n\t\t\t\t<a href=\"https:\/\/www.swiss1chirurgie.ch\/fr\/thoune-est-un-autre-site-de-swiss1chirurgie\/\"><\/a>\n\t\t\t<\/div>\n\t\t\t\t\t\t\t<div class=\"uk-card-body uk-padding-small\">\n\t\t\t\t\t<h3><a href=\"https:\/\/www.swiss1chirurgie.ch\/fr\/thoune-est-un-autre-site-de-swiss1chirurgie\/\">Thun, nouveau site de Swiss1Chirurgie<\/a><\/h3>\n\t\t\t\t\t<div class=\"short-info\">\n\t\t\t\t\t\tAvec le cabinet du Dr Markus Naef \u00e0 Thoune, Swiss1Chirurgie \u00e9largit encore son offre de prestations et assure la prise\u2026\t\t\t\t\t<\/div>\n\t\t\t\t\t<div class=\"button-wrap\">\n\t\t\t\t\t\t<a href=\"https:\/\/www.swiss1chirurgie.ch\/fr\/thoune-est-un-autre-site-de-swiss1chirurgie\/\">lire la suite <span uk-icon=\"chevron-right\"><\/span><\/a>\n\t\t\t\t\t<\/div>\n\t\t\t\t<\/div>\n\t\t\t<\/div>\n\t\t<\/div>\n\t\t\n\t\n\t\t\t<\/div>\n\t<div class=\"more-posts-wrap\">\n\t\t<a href=\"https:\/\/www.swiss1chirurgie.ch\/fr\/news\/\" class=\"uk-button\">plus de messages<\/a>\n\t<\/div>\t\n<\/div>\n\n","protected":false},"excerpt":{"rendered":"Notre point fort:Chirurgie abdominale Bienvenue dans notre cabinet de chirurgie Sp\u00e9cialistes en chirurgie visc\u00e9rale, nous mettons notre expertise au service de votre sant\u00e9. Notre domaine d\u2019excellence couvre notamment la chirurgie visc\u00e9rale, la chirurgie de l\u2019ob\u00e9sit\u00e9 et la chirurgie thyro\u00efdienne. Nous proposons des consultations dans notre cabinet \u00e0 Berne, ainsi que dans nos autres cabinets \u00e0 Soleure, Thoune et Naters. Les interventions chirurgicales majeures sont r\u00e9alis\u00e9es \u00e0 la Clinique Beau-Site \u00e0 Berne, tandis que les interventions ambulatoires sont effectu\u00e9es dans notre [&hellip;]","protected":false},"author":1,"featured_media":29942,"parent":0,"menu_order":0,"comment_status":"closed","ping_status":"closed","template":"","meta":{"_acf_changed":false,"footnotes":""},"class_list":["post-29088","page","type-page","status-publish","has-post-thumbnail","hentry"],"acf":[],"_links":{"self":[{"href":"https:\/\/www.swiss1chirurgie.ch\/fr\/wp-json\/wp\/v2\/pages\/29088","targetHints":{"allow":["GET"]}}],"collection":[{"href":"https:\/\/www.swiss1chirurgie.ch\/fr\/wp-json\/wp\/v2\/pages"}],"about":[{"href":"https:\/\/www.swiss1chirurgie.ch\/fr\/wp-json\/wp\/v2\/types\/page"}],"author":[{"embeddable":true,"href":"https:\/\/www.swiss1chirurgie.ch\/fr\/wp-json\/wp\/v2\/users\/1"}],"replies":[{"embeddable":true,"href":"https:\/\/www.swiss1chirurgie.ch\/fr\/wp-json\/wp\/v2\/comments?post=29088"}],"version-history":[{"count":37,"href":"https:\/\/www.swiss1chirurgie.ch\/fr\/wp-json\/wp\/v2\/pages\/29088\/revisions"}],"predecessor-version":[{"id":31241,"href":"https:\/\/www.swiss1chirurgie.ch\/fr\/wp-json\/wp\/v2\/pages\/29088\/revisions\/31241"}],"wp:featuredmedia":[{"embeddable":true,"href":"https:\/\/www.swiss1chirurgie.ch\/fr\/wp-json\/wp\/v2\/media\/29942"}],"wp:attachment":[{"href":"https:\/\/www.swiss1chirurgie.ch\/fr\/wp-json\/wp\/v2\/media?parent=29088"}],"curies":[{"name":"wp","href":"https:\/\/api.w.org\/{rel}","templated":true}]}}